{"id":67,"date":"2016-06-02T04:47:51","date_gmt":"2016-06-02T04:47:51","guid":{"rendered":"http:\/\/barker.edu.ar\/web2\/?page_id=67"},"modified":"2017-04-28T18:56:48","modified_gmt":"2017-04-28T21:56:48","slug":"perfil-del-egresado","status":"publish","type":"page","link":"http:\/\/barker.edu.ar\/web2\/perfil-del-egresado\/","title":{"rendered":"Perfil del Egresado"},"content":{"rendered":"[mk_page_section bg_image=&#8221;http:\/\/barker.edu.ar\/web2\/wp-content\/uploads\/2017\/04\/gaitero.jpg&#8221; attachment=&#8221;fixed&#8221; bg_position=&#8221;center bottom&#8221; bg_stretch=&#8221;true&#8221; min_height=&#8221;250&#8243; full_width=&#8221;true&#8221; padding_top=&#8221;0&#8243; padding_bottom=&#8221;0&#8243; sidebar=&#8221;sidebar-1&#8243; first_page=&#8221;true&#8221; last_page=&#8221;true&#8221;][vc_column][vc_column_text]\n[\/vc_column_text][\/vc_column][\/mk_page_section][mk_page_section bg_color=&#8221;#f2f2f2&#8243; bg_position=&#8221;center center&#8221; bg_stretch=&#8221;true&#8221; full_width=&#8221;true&#8221; padding_top=&#8221;50&#8243; padding_bottom=&#8221;0&#8243; sidebar=&#8221;sidebar-1&#8243; first_page=&#8221;true&#8221; last_page=&#8221;true&#8221;][vc_column][vc_column_text align=&#8221;center&#8221; animation=&#8221;fade-in&#8221;]\n<h1 style=\"text-align: center; font-family: esmeraldapro; font-size: 2.8rem; font-weight: 100; color: #000; line-height: 130%; margin-top: 0px;\">PERFIL DEL EGRESADO<\/h1>\n[\/vc_column_text][mk_padding_divider size=&#8221;60&#8243;][\/vc_column][\/mk_page_section][mk_page_section bg_color=&#8221;#f2f2f2&#8243; sidebar=&#8221;sidebar-1&#8243; first_page=&#8221;true&#8221; last_page=&#8221;true&#8221;][vc_column width=&#8221;1\/6&#8243;][vc_column_text]\n[\/vc_column_text][\/vc_column][vc_column width=&#8221;1\/6&#8243;][mk_image src=&#8221;http:\/\/barker.edu.ar\/web2\/wp-content\/uploads\/2016\/06\/lider_60px.png&#8221; group=&#8221;_general&#8221; align=&#8221;center&#8221; animation=&#8221;left-to-right&#8221; crop=&#8221;false&#8221;][\/vc_column][vc_column width=&#8221;1\/2&#8243;][vc_column_text animation=&#8221;right-to-left&#8221;]\n<p style=\"text-align: left; font-family: franklinbook; font-size: 1rem; font-weight: 100; color: #000; line-height: 140%; margin-top: 5px; margin-bottom: 30px; letter-spacing: 0;\">Es una persona \u00e9tica que lidera su proyecto de vida y colabora proactiva y creativamente con su entorno, gestionando emprendimientos para la soluci\u00f3n de problemas reales de su comunidad.<\/p>\n[\/vc_column_text][\/vc_column][vc_column width=&#8221;1\/6&#8243;][vc_column_text]\n[\/vc_column_text][\/vc_column][\/mk_page_section][mk_page_section bg_color=&#8221;#f2f2f2&#8243; sidebar=&#8221;sidebar-1&#8243; first_page=&#8221;true&#8221; last_page=&#8221;true&#8221;][vc_column width=&#8221;1\/6&#8243;][vc_column_text]\n[\/vc_column_text][\/vc_column][vc_column width=&#8221;1\/6&#8243; css=&#8221;.vc_custom_1470359437653{padding-top: 5px !important;}&#8221;][mk_image src=&#8221;http:\/\/barker.edu.ar\/web2\/wp-content\/uploads\/2016\/06\/manos_60px.png&#8221; group=&#8221;_general&#8221; align=&#8221;center&#8221; animation=&#8221;left-to-right&#8221; crop=&#8221;false&#8221;][\/vc_column][vc_column width=&#8221;1\/2&#8243;][vc_column_text animation=&#8221;right-to-left&#8221;]\n<p style=\"text-align: left; font-family: franklinbook; font-size: 1rem; font-weight: 100; color: #000; line-height: 140%; margin-top: 15px; margin-bottom: 30px; letter-spacing: 0;\">Es respetuoso de s\u00ed mismo, convencido de sus creencias y a la vez respetuoso de las ideas de su pr\u00f3jimo.<\/p>\n[\/vc_column_text][\/vc_column][vc_column width=&#8221;1\/6&#8243;][vc_column_text]\n[\/vc_column_text][\/vc_column][\/mk_page_section][mk_page_section bg_color=&#8221;#f2f2f2&#8243; sidebar=&#8221;sidebar-1&#8243; first_page=&#8221;true&#8221; last_page=&#8221;true&#8221;][vc_column width=&#8221;1\/6&#8243;][vc_column_text]\n[\/vc_column_text][\/vc_column][vc_column width=&#8221;1\/6&#8243; css=&#8221;.vc_custom_1470359267776{padding-top: 10px !important;}&#8221;][mk_image src=&#8221;http:\/\/barker.edu.ar\/web2\/wp-content\/uploads\/2016\/06\/tecno_60px.png&#8221; group=&#8221;_general&#8221; align=&#8221;center&#8221; animation=&#8221;left-to-right&#8221; crop=&#8221;false&#8221;][\/vc_column][vc_column width=&#8221;1\/2&#8243;][vc_column_text animation=&#8221;right-to-left&#8221;]\n<p style=\"text-align: left; font-family: franklinbook; font-size: 1rem; font-weight: 100; color: #000; line-height: 140%; margin-top: 0px; margin-bottom: 30px; letter-spacing: 0;\">Gestiona en forma constante su propio aprendizaje, utilizando diferentes lenguas y las nuevas tecnolog\u00edas de la informaci\u00f3n y la comunicaci\u00f3n para construir una comunidad de aprendizaje permanente como v\u00edas de comunicaci\u00f3n y construcci\u00f3n del bien com\u00fan.<\/p>\n[\/vc_column_text][\/vc_column][vc_column width=&#8221;1\/6&#8243;][vc_column_text]\n[\/vc_column_text][\/vc_column][\/mk_page_section][mk_page_section bg_color=&#8221;#f2f2f2&#8243; sidebar=&#8221;sidebar-1&#8243; first_page=&#8221;true&#8221; last_page=&#8221;true&#8221;][vc_column width=&#8221;1\/6&#8243;][vc_column_text]\n[\/vc_column_text][\/vc_column][vc_column width=&#8221;1\/6&#8243;][mk_image src=&#8221;http:\/\/barker.edu.ar\/web2\/wp-content\/uploads\/2016\/06\/herramienta_42px.png&#8221; group=&#8221;_general&#8221; align=&#8221;center&#8221; animation=&#8221;left-to-right&#8221; crop=&#8221;false&#8221;][\/vc_column][vc_column width=&#8221;1\/2&#8243;][vc_column_text animation=&#8221;right-to-left&#8221;]\n<p style=\"text-align: left; font-family: franklinbook; font-size: 1rem; font-weight: 100; color: #000; line-height: 140%; margin-top: 20px; margin-bottom: 30px; letter-spacing: 0;\">Sabe afrontar la adversidad y se muestra perseverante, flexible y creativo a las situaciones cambiantes, propias del mundo actual y del siglo XXI.<\/p>\n[\/vc_column_text][\/vc_column][vc_column width=&#8221;1\/6&#8243;][vc_column_text]\n[\/vc_column_text][\/vc_column][\/mk_page_section][mk_page_section bg_color=&#8221;#f2f2f2&#8243; sidebar=&#8221;sidebar-1&#8243; first_page=&#8221;true&#8221; last_page=&#8221;true&#8221;][vc_column width=&#8221;1\/6&#8243;][vc_column_text]\n[\/vc_column_text][\/vc_column][vc_column width=&#8221;1\/6&#8243;][mk_image src=&#8221;http:\/\/barker.edu.ar\/web2\/wp-content\/uploads\/2016\/06\/corazon_2.png&#8221; group=&#8221;_general&#8221; align=&#8221;center&#8221; animation=&#8221;left-to-right&#8221; crop=&#8221;false&#8221;][\/vc_column][vc_column width=&#8221;1\/2&#8243;][vc_column_text animation=&#8221;right-to-left&#8221;]\n<p style=\"text-align: left; font-family: franklinbook; font-size: 1rem; font-weight: 100; color: #000; line-height: 140%; margin-top: 20px; margin-bottom: 30px; letter-spacing: 0;\">Practica una vida saludable, a trav\u00e9s de la actividad f\u00edsica, la buena alimentaci\u00f3n y el contacto con la naturaleza.<\/p>\n[\/vc_column_text][\/vc_column][vc_column width=&#8221;1\/6&#8243;][vc_column_text]\n[\/vc_column_text][\/vc_column][\/mk_page_section][mk_page_section bg_color=&#8221;#f2f2f2&#8243; sidebar=&#8221;sidebar-1&#8243; first_page=&#8221;true&#8221; last_page=&#8221;true&#8221;][vc_column width=&#8221;1\/6&#8243;][vc_column_text]\n[\/vc_column_text][\/vc_column][vc_column width=&#8221;1\/6&#8243;][mk_image src=&#8221;http:\/\/barker.edu.ar\/web2\/wp-content\/uploads\/2016\/06\/art_60px.png&#8221; group=&#8221;_general&#8221; align=&#8221;center&#8221; animation=&#8221;left-to-right&#8221; crop=&#8221;false&#8221;][\/vc_column][vc_column width=&#8221;1\/2&#8243;][vc_column_text animation=&#8221;right-to-left&#8221;]\n<p style=\"text-align: left; font-family: franklinbook; font-size: 1rem; font-weight: 100; color: #000; line-height: 140%; margin-top: 10px; margin-bottom: 30px; letter-spacing: 0;\">Valora y cultiva las expresiones art\u00edsticas como manifestaci\u00f3n est\u00e9tica de la belleza en el campo de la naturaleza y de las artes.<\/p>\n[\/vc_column_text][\/vc_column][vc_column width=&#8221;1\/6&#8243;][vc_column_text]\n[\/vc_column_text][\/vc_column][\/mk_page_section][mk_page_section bg_color=&#8221;#f2f2f2&#8243; sidebar=&#8221;sidebar-1&#8243; first_page=&#8221;true&#8221; last_page=&#8221;true&#8221;][vc_column width=&#8221;1\/6&#8243;][vc_column_text]\n[\/vc_column_text][\/vc_column][vc_column width=&#8221;1\/6&#8243;][mk_image src=&#8221;http:\/\/barker.edu.ar\/web2\/wp-content\/uploads\/2016\/06\/mundo2_60px.png&#8221; group=&#8221;_general&#8221; align=&#8221;center&#8221; animation=&#8221;left-to-right&#8221; crop=&#8221;false&#8221;][\/vc_column][vc_column width=&#8221;1\/2&#8243;][vc_column_text animation=&#8221;right-to-left&#8221;]\n<p style=\"text-align: left; font-family: franklinbook; font-size: 1rem; font-weight: 100; color: #000; line-height: 140%; margin-top: 20px; margin-bottom: 30px; letter-spacing: 0;\">Cultiva la identidad nacional, con una mentalidad abierta al mundo.<\/p>\n[\/vc_column_text][\/vc_column][vc_column width=&#8221;1\/6&#8243;][vc_column_text]\n[\/vc_column_text][\/vc_column][\/mk_page_section][mk_page_section bg_color=&#8221;#f2f2f2&#8243; sidebar=&#8221;sidebar-1&#8243; first_page=&#8221;true&#8221; last_page=&#8221;true&#8221;][vc_column width=&#8221;1\/6&#8243;][vc_column_text]\n[\/vc_column_text][\/vc_column][vc_column width=&#8221;1\/6&#8243;][mk_image src=&#8221;http:\/\/barker.edu.ar\/web2\/wp-content\/uploads\/2016\/06\/work_60px.png&#8221; group=&#8221;_general&#8221; align=&#8221;center&#8221; animation=&#8221;left-to-right&#8221; crop=&#8221;false&#8221;][\/vc_column][vc_column width=&#8221;1\/2&#8243;][vc_column_text animation=&#8221;right-to-left&#8221;]\n<p style=\"text-align: left; font-family: franklinbook; font-size: 1rem; font-weight: 100; color: #000; line-height: 140%; margin-top: 10px; margin-bottom: 30px; letter-spacing: 0;\">Trabaja con otros y potencia el valor del trabajo en equipo.<\/p>\n[\/vc_column_text][\/vc_column][vc_column width=&#8221;1\/6&#8243;][vc_column_text]\n[\/vc_column_text][\/vc_column][\/mk_page_section][mk_page_section bg_color=&#8221;#f2f2f2&#8243; sidebar=&#8221;sidebar-1&#8243; first_page=&#8221;true&#8221; last_page=&#8221;true&#8221;][vc_column width=&#8221;1\/6&#8243;][vc_column_text]\n[\/vc_column_text][\/vc_column][vc_column width=&#8221;1\/6&#8243;][mk_image src=&#8221;http:\/\/barker.edu.ar\/web2\/wp-content\/uploads\/2016\/06\/balanza_60px.png&#8221; group=&#8221;_general&#8221; align=&#8221;center&#8221; animation=&#8221;left-to-right&#8221; crop=&#8221;false&#8221;][\/vc_column][vc_column width=&#8221;1\/2&#8243;][vc_column_text animation=&#8221;right-to-left&#8221;]\n<p style=\"text-align: left; font-family: franklinbook; font-size: 1rem; font-weight: 100; color: #000; line-height: 140%; margin-top: 15px; margin-bottom: 30px; letter-spacing: 0;\">Busca soluciones superadoras para las partes, en un marco de empat\u00eda y respeto de la diversidad.<\/p>\n[\/vc_column_text][\/vc_column][vc_column width=&#8221;1\/6&#8243;][vc_column_text]\n[\/vc_column_text][\/vc_column][\/mk_page_section][mk_page_section bg_color=&#8221;#f2f2f2&#8243; sidebar=&#8221;sidebar-1&#8243; first_page=&#8221;true&#8221; last_page=&#8221;true&#8221;][vc_column width=&#8221;1\/6&#8243;][vc_column_text]\n[\/vc_column_text][\/vc_column][vc_column width=&#8221;1\/6&#8243;][mk_image src=&#8221;http:\/\/barker.edu.ar\/web2\/wp-content\/uploads\/2016\/06\/culturas_60px.png&#8221; group=&#8221;_general&#8221; align=&#8221;center&#8221; animation=&#8221;left-to-right&#8221; crop=&#8221;false&#8221;][\/vc_column][vc_column width=&#8221;1\/2&#8243;][vc_column_text animation=&#8221;right-to-left&#8221;]\n<p style=\"text-align: left; font-family: franklinbook; font-size: 1rem; font-weight: 100; color: #000; line-height: 140%; margin-top: 20px; margin-bottom: 30px; letter-spacing: 0;\">Interact\u00faa con diferentes culturas colaborando cr\u00edticamente a la construcci\u00f3n de la justicia y de la paz.<\/p>\n[\/vc_column_text][mk_padding_divider][\/vc_column][vc_column width=&#8221;1\/6&#8243;][vc_column_text]\n[\/vc_column_text][\/vc_column][\/mk_page_section][mk_page_section bg_position=&#8221;center center&#8221; bg_stretch=&#8221;true&#8221; full_width=&#8221;true&#8221; padding_top=&#8221;80&#8243; padding_bottom=&#8221;0&#8243; margin_bottom=&#8221;50&#8243; animation=&#8221;fade-in&#8221; sidebar=&#8221;sidebar-1&#8243; first_page=&#8221;true&#8221; last_page=&#8221;true&#8221;][vc_column][mk_clients style=&#8221;column&#8221; column=&#8221;6&#8243; count=&#8221;6&#8243; margin_bottom=&#8221;50&#8243; clients=&#8221;2323,2315,2331,2335,2319,2327&#8243;][\/vc_column][\/mk_page_section]\n","protected":false},"excerpt":{"rendered":"<p>[mk_page_section bg_image=&#8221;http:\/\/barker.edu.ar\/web2\/wp-content\/uploads\/2017\/04\/gaitero.jpg&#8221; attachment=&#8221;fixed&#8221; bg_position=&#8221;center bottom&#8221; bg_stretch=&#8221;true&#8221; min_height=&#8221;250&#8243; full_width=&#8221;true&#8221; padding_top=&#8221;0&#8243; padding_bottom=&#8221;0&#8243; sidebar=&#8221;sidebar-1&#8243; first_page=&#8221;true&#8221; last_page=&#8221;true&#8221;][vc_column][vc_column_text] [\/vc_column_text][\/vc_column][\/mk_page_section][mk_page_section bg_color=&#8221;#f2f2f2&#8243; bg_position=&#8221;center center&#8221; bg_stretch=&#8221;true&#8221; full_width=&#8221;true&#8221; padding_top=&#8221;50&#8243; padding_bottom=&#8221;0&#8243; sidebar=&#8221;sidebar-1&#8243; first_page=&#8221;true&#8221; last_page=&#8221;true&#8221;][vc_column][vc_column_text align=&#8221;center&#8221; animation=&#8221;fade-in&#8221;] PERFIL DEL EGRESADO [\/vc_column_text][mk_padding_divider size=&#8221;60&#8243;][\/vc_column][\/mk_page_section][mk_page_section bg_color=&#8221;#f2f2f2&#8243; sidebar=&#8221;sidebar-1&#8243; first_page=&#8221;true&#8221; last_page=&#8221;true&#8221;][vc_column width=&#8221;1\/6&#8243;][vc_column_text] [\/vc_column_text][\/vc_column][vc_column width=&#8221;1\/6&#8243;][mk_image src=&#8221;http:\/\/barker.edu.ar\/web2\/wp-content\/uploads\/2016\/06\/lider_60px.png&#8221; group=&#8221;_general&#8221; align=&#8221;center&#8221; animation=&#8221;left-to-right&#8221; crop=&#8221;false&#8221;][\/vc_column][vc_column width=&#8221;1\/2&#8243;][vc_column_text animation=&#8221;right-to-left&#8221;] Es una persona \u00e9tica que lidera su proyecto de vida [&hellip;]<\/p>\n","protected":false},"author":2,"featured_media":0,"parent":0,"menu_order":0,"comment_status":"closed","ping_status":"closed","template":"","meta":{"_links_to":"","_links_to_target":""},"_links":{"self":[{"href":"http:\/\/barker.edu.ar\/web2\/wp-json\/wp\/v2\/pages\/67"}],"collection":[{"href":"http:\/\/barker.edu.ar\/web2\/wp-json\/wp\/v2\/pages"}],"about":[{"href":"http:\/\/barker.edu.ar\/web2\/wp-json\/wp\/v2\/types\/page"}],"author":[{"embeddable":true,"href":"http:\/\/barker.edu.ar\/web2\/wp-json\/wp\/v2\/users\/2"}],"replies":[{"embeddable":true,"href":"http:\/\/barker.edu.ar\/web2\/wp-json\/wp\/v2\/comments?post=67"}],"version-history":[{"count":34,"href":"http:\/\/barker.edu.ar\/web2\/wp-json\/wp\/v2\/pages\/67\/revisions"}],"predecessor-version":[{"id":3413,"href":"http:\/\/barker.edu.ar\/web2\/wp-json\/wp\/v2\/pages\/67\/revisions\/3413"}],"wp:attachment":[{"href":"http:\/\/barker.edu.ar\/web2\/wp-json\/wp\/v2\/media?parent=67"}],"curies":[{"name":"wp","href":"https:\/\/api.w.org\/{rel}","templated":true}]}}